{"id":8,"date":"2021-08-24T14:55:13","date_gmt":"2021-08-24T12:55:13","guid":{"rendered":"http:\/\/minihospital.it\/landing\/?page_id=8"},"modified":"2022-11-24T12:24:58","modified_gmt":"2022-11-24T11:24:58","slug":"home","status":"publish","type":"page","link":"https:\/\/minihospital.it\/landing\/","title":{"rendered":"Home"},"content":{"rendered":"<section class=\"wpb-content-wrapper\">[vc_row full_width=&#8221;stretch_row_content_no_spaces&#8221;][vc_column][vc_single_image image=&#8221;335&#8243; css=&#8221;.vc_custom_1669280975873{margin-top: 0px !important;}&#8221; visibility=&#8221;visible-phone&#8221;][\/vc_column][\/vc_row][vc_row full_width=&#8221;stretch_row&#8221; css=&#8221;.vc_custom_1669280831399{padding-bottom: 140px !important;background-color: #fbeee9 !important;}&#8221; el_class=&#8221;pt_75&#8243;][vc_column width=&#8221;1\/2&#8243; el_class=&#8221;padding-right-80 center_mobile&#8221;][vc_single_image image=&#8221;335&#8243; css=&#8221;.vc_custom_1669280947868{margin-top: 10px !important;}&#8221; visibility=&#8221;hidden-phone&#8221;][vc_column_text css=&#8221;.vc_custom_1669280996603{margin-top: 40px !important;}&#8221;]Affidati all\u2019esperienza e alla professionalit\u00e0 di una struttura altamente qualificata, scegli di valorizzare la tua femminilit\u00e0 in tutta sicurezza e a un prezzo contenuto.[\/vc_column_text][vc_separator color=&#8221;custom&#8221; border_width=&#8221;2&#8243; accent_color=&#8221;#cf8a80&#8243; css=&#8221;.vc_custom_1662101913285{margin-top: 20px !important;margin-bottom: 10px !important;}&#8221;][vc_column_text color=&#8221;#549486&#8243; font_weight=&#8221;bold&#8221; font_size=&#8221;22px&#8221;]Visita e consulto[\/vc_column_text][vc_separator color=&#8221;custom&#8221; border_width=&#8221;2&#8243; accent_color=&#8221;#cf8a80&#8243; css=&#8221;.vc_custom_1662101913285{margin-top: 20px !important;margin-bottom: 10px !important;}&#8221;][vc_column_text color=&#8221;#549486&#8243; font_weight=&#8221;bold&#8221; font_size=&#8221;22px&#8221;]Controllo post-operatorio[\/vc_column_text][vc_separator color=&#8221;custom&#8221; border_width=&#8221;2&#8243; accent_color=&#8221;#cf8a80&#8243; css=&#8221;.vc_custom_1662101913285{margin-top: 20px !important;margin-bottom: 10px !important;}&#8221;][vc_column_text color=&#8221;#549486&#8243; font_weight=&#8221;bold&#8221; font_size=&#8221;22px&#8221;]Protesi e strumenti di qualit\u00e0[\/vc_column_text][vc_empty_space height=&#8221;20px&#8221; el_class=&#8221;mobile&#8221;][vc_single_image image=&#8221;340&#8243;][vc_empty_space height=&#8221;40px&#8221; el_class=&#8221;mobile&#8221;][\/vc_column][vc_column width=&#8221;1\/2&#8243;][vc_row_inner css=&#8221;.vc_custom_1662102361959{border-top-width: 3px !important;border-right-width: 3px !important;border-bottom-width: 3px !important;border-left-width: 3px !important;border-left-color: #cf8a80 !important;border-left-style: dashed !important;border-right-color: #cf8a80 !important;border-right-style: dashed !important;border-top-color: #cf8a80 !important;border-top-style: dashed !important;border-bottom-color: #cf8a80 !important;border-bottom-style: dashed !important;}&#8221; el_class=&#8221;cta_main&#8221;][vc_column_inner css=&#8221;.vc_custom_1662101965717{padding-right: 0px !important;padding-left: 0px !important;}&#8221;]\n<div class=\"wpcf7 no-js\" id=\"wpcf7-f10-o1\" lang=\"it-IT\" dir=\"ltr\">\n<div class=\"screen-reader-response\"><p role=\"status\" aria-live=\"polite\" aria-atomic=\"true\"><\/p> <ul><\/ul><\/div>\n<form action=\"\/landing\/wp-json\/wp\/v2\/pages\/8#wpcf7-f10-o1\" method=\"post\" class=\"wpcf7-form init\" aria-label=\"Modulo di contatto\" novalidate=\"novalidate\" data-status=\"init\">\n<div style=\"display: none;\">\n<input type=\"hidden\" name=\"_wpcf7\" value=\"10\" \/>\n<input type=\"hidden\" name=\"_wpcf7_version\" value=\"5.9.2\" \/>\n<input type=\"hidden\" name=\"_wpcf7_locale\" value=\"it_IT\" \/>\n<input type=\"hidden\" name=\"_wpcf7_unit_tag\" value=\"wpcf7-f10-o1\" \/>\n<input type=\"hidden\" name=\"_wpcf7_container_post\" value=\"0\" \/>\n<input type=\"hidden\" name=\"_wpcf7_posted_data_hash\" value=\"\" \/>\n<\/div>\n<p><label><b>Nome<\/b><br \/>\n<span class=\"wpcf7-form-control-wrap\" data-name=\"nome\"><input size=\"40\" class=\"wpcf7-form-control wpcf7-text wpcf7-validates-as-required\" aria-required=\"true\" aria-invalid=\"false\" value=\"\" type=\"text\" name=\"nome\" \/><\/span> <\/label>\n<\/p>\n<p><label> <b>E-mail<\/b><br \/>\n<span class=\"wpcf7-form-control-wrap\" data-name=\"email\"><input size=\"40\" class=\"wpcf7-form-control wpcf7-email wpcf7-validates-as-required wpcf7-text wpcf7-validates-as-email\" aria-required=\"true\" aria-invalid=\"false\" value=\"\" type=\"email\" name=\"email\" \/><\/span> <\/label>\n<\/p>\n<p><label> <b>Telefono<\/b><br \/>\n<span class=\"wpcf7-form-control-wrap\" data-name=\"telefono\"><input size=\"40\" class=\"wpcf7-form-control wpcf7-text wpcf7-validates-as-required\" aria-required=\"true\" aria-invalid=\"false\" value=\"\" type=\"text\" name=\"telefono\" \/><\/span> <\/label>\n<\/p>\n<p><label> <b>Richiesta<\/b><br \/>\n<span class=\"wpcf7-form-control-wrap\" data-name=\"richiesta\"><input size=\"40\" class=\"wpcf7-form-control wpcf7-text\" aria-invalid=\"false\" value=\"\" type=\"text\" name=\"richiesta\" \/><\/span> <\/label>\n<\/p>\n<p><span class=\"wpcf7-form-control-wrap\" data-name=\"privacy\"><span class=\"wpcf7-form-control wpcf7-acceptance\"><span class=\"wpcf7-list-item\"><label><input type=\"checkbox\" name=\"privacy\" value=\"1\" aria-invalid=\"false\" \/><span class=\"wpcf7-list-item-label\"><span class=\"label_privacy\">Ho letto e acconsento alla <a href=\"https:\/\/www.minihospital.it\/privacy\/\"><u>normativa sulla privacy<\/u><\/a><\/span><\/span><\/label><\/span><\/span><\/span>\n<\/p>\n<div style=\"height:5px;\">\n<\/div>\n<center>\n\t<div class=\"bottone_form_1\">\n\t\t<p><input class=\"wpcf7-form-control wpcf7-submit has-spinner\" type=\"submit\" value=\"PRENOTA ORA\" \/>\n\t\t<\/p>\n\t<\/div>\n<\/center><div class=\"wpcf7-response-output\" aria-hidden=\"true\"><\/div>\n<\/form>\n<\/div>\n[\/vc_column_inner][\/vc_row_inner][\/vc_column][\/vc_row][vc_row full_width=&#8221;stretch_row&#8221; content_placement=&#8221;middle&#8221; css=&#8221;.vc_custom_1669278784883{padding-top: 35px !important;padding-bottom: 35px !important;background-color: #bed2d3 !important;}&#8221;][vc_column width=&#8221;6\/12&#8243;][vc_column_text color=&#8221;#6b8c93&#8243; font_size=&#8221;d:38px|pl:30px|pp:30px&#8221; font_weight=&#8221;bold&#8221; line_height=&#8221;tight&#8221; visibility=&#8221;hidden-phone&#8221;]Affidati ad un\u2019equipe<br \/>\ndi esperti professionisti[\/vc_column_text][vc_column_text color=&#8221;#6b8c93&#8243; font_size=&#8221;d:38px|pl:30px|pp:30px&#8221; font_weight=&#8221;bold&#8221; line_height=&#8221;tight&#8221; visibility=&#8221;visible-phone&#8221;]Un\u2019equipe di<br \/>\nprofessionisti al tuo fianco[\/vc_column_text][vc_row_inner][vc_column_inner width=&#8221;5\/6&#8243;][vc_column_text css=&#8221;.vc_custom_1662736809672{margin-top: 20px !important;}&#8221;]Un team dalla comprovata esperienza \u00e8 a tua disposizione dall\u2019inizio alla fine del tuo percorso operatorio.[\/vc_column_text][\/vc_column_inner][vc_column_inner width=&#8221;1\/6&#8243;][\/vc_column_inner][\/vc_row_inner]<div class=\"vc_custom_1669281105889 wpex-clr\"><a href=\"#minihospital\" class=\"vcex-button theme-txt-link align-left inline local-scroll-link hidden-phone\" style=\"color:#26535b;font-size:16px;font-weight:700;\" data-wpex-hover='{&quot;color&quot;:&quot;#26535b&quot;}'><span class=\"vcex-button-inner theme-button-inner\">SCOPRI DI PI\u00d9 SU MINIHOSPITAL<span class=\"vcex-button-icon vcex-icon-wrap theme-button-icon-right\"><span aria-hidden=\"true\" class=\"fas fa-angle-down\"><\/span><\/span><\/span><\/a><\/div> [\/vc_column][vc_column width=&#8221;2\/12&#8243;][vc_empty_space height=&#8221;40px&#8221; el_class=&#8221;mobile&#8221;][\/vc_column][vc_column width=&#8221;3\/12&#8243;]<div class=\"vcex-module wpex-carousel wpex-carousel-staff wpex-clr owl-carousel textcenter arrwstyle-slim arrwpos-abs\" data-wpex-carousel=\"{&quot;center&quot;:&quot;true&quot;,&quot;items&quot;:1,&quot;responsive&quot;:{&quot;0&quot;:{&quot;items&quot;:&quot;1&quot;},&quot;480&quot;:{&quot;items&quot;:1},&quot;768&quot;:{&quot;items&quot;:1},&quot;960&quot;:{&quot;items&quot;:1}}}\"><div class=\"wpex-carousel-slide wpex-clr\"><div class=\"wpex-carousel-entry-media entry-media wpex-rounded-full wpex-mb-20\"><img loading=\"lazy\" decoding=\"async\" data-no-lazy=\"1\" class=\"wpex-carousel-entry-img wpex-align-middle wpex-rounded-full skip-lazy\" src=\"https:\/\/minihospital.it\/landing\/wp-content\/uploads\/2022\/09\/MEDICO-280x280.png\" alt=\"Dott. Giovanni Licata\" srcset=\"https:\/\/minihospital.it\/landing\/wp-content\/uploads\/2022\/09\/MEDICO-280x280.png 280w, https:\/\/minihospital.it\/landing\/wp-content\/uploads\/2022\/09\/MEDICO-150x150.png 150w\" width=\"280\" height=\"280\"><\/div><div class=\"wpex-carousel-entry-details entry-details wpex-first-mt-0 wpex-last-mb-0 wpex-clr\"><div class=\"wpex-carousel-entry-title entry-title wpex-mb-5 wpex-child-inherit-color\" style=\"font-weight:700;font-size:18px;color:#459389;\">Dott. Giovanni Licata<\/div><div class=\"staff-entry-position entry-position wpex-text-sm wpex-text-3 wpex-leading-snug wpex-mb-5\" style=\"font-size:15px;font-weight:500;color:#6b8c93;\">SPECIALISTA IN CHIRURGIA PLASTICA RICOSTRUTTIVA ED ESTETICA<\/div><\/div><\/div><div class=\"wpex-carousel-slide wpex-clr\"><div class=\"wpex-carousel-entry-media entry-media wpex-rounded-full wpex-mb-20\"><img loading=\"lazy\" decoding=\"async\" data-no-lazy=\"1\" class=\"wpex-carousel-entry-img wpex-align-middle wpex-rounded-full skip-lazy\" src=\"https:\/\/minihospital.it\/landing\/wp-content\/uploads\/2022\/09\/Gianfranco-280x280.png\" alt=\"Dott. Gianfranco Romeo\" srcset=\"https:\/\/minihospital.it\/landing\/wp-content\/uploads\/2022\/09\/Gianfranco-280x280.png 280w, https:\/\/minihospital.it\/landing\/wp-content\/uploads\/2022\/09\/Gianfranco-150x150.png 150w\" width=\"280\" height=\"280\"><\/div><div class=\"wpex-carousel-entry-details entry-details wpex-first-mt-0 wpex-last-mb-0 wpex-clr\"><div class=\"wpex-carousel-entry-title entry-title wpex-mb-5 wpex-child-inherit-color\" style=\"font-weight:700;font-size:18px;color:#459389;\">Dott. Gianfranco Romeo<\/div><div class=\"staff-entry-position entry-position wpex-text-sm wpex-text-3 wpex-leading-snug wpex-mb-5\" style=\"font-size:15px;font-weight:500;color:#6b8c93;\">SPECIALISTA IN CHIRURGIA PLASTICA RICOSTRUTTIVA ED ESTETICA<\/div><\/div><\/div><\/div><div class=\"vc_custom_1669281127714 wpex-clr\"><div class=\"theme-button-wrap textcenter wpex-clr\"><a href=\"#minihospital\" class=\"vcex-button theme-txt-link align-center inline local-scroll-link visible-phone\" style=\"color:#26535b;font-size:16px;font-weight:700;\" data-wpex-hover='{&quot;color&quot;:&quot;#26535b&quot;}'><span class=\"vcex-button-inner theme-button-inner\">SCOPRI DI PI\u00d9 SU MINIHOSPITAL<span class=\"vcex-button-icon vcex-icon-wrap theme-button-icon-right\"><span aria-hidden=\"true\" class=\"fas fa-angle-down\"><\/span><\/span><\/span><\/a><\/div><\/div> [\/vc_column][vc_column width=&#8221;1\/12&#8243;][\/vc_column][\/vc_row][vc_row content_placement=&#8221;middle&#8221; equal_height=&#8221;yes&#8221; min_height=&#8221;450px&#8221; visibility=&#8221;hidden-phone&#8221;][vc_column width=&#8221;5\/12&#8243; el_class=&#8221;order&#8221;][vc_single_image image=&#8221;359&#8243;][\/vc_column][vc_column width=&#8221;7\/12&#8243;][vc_column_text color=&#8221;#6b8c93&#8243; font_size=&#8221;d:40px|pl:30px|pp:30px&#8221; font_weight=&#8221;bold&#8221; line_height=&#8221;normal&#8221; text_align=&#8221;left&#8221;]\n<p style=\"text-align: left;\">Visita e consulto accurati<\/p>\n[\/vc_column_text][vc_column_text css=&#8221;.vc_custom_1669280202687{margin-top: 20px !important;margin-bottom: 20px !important;}&#8221;]Sottoporsi a un intervento di mastoplastica o mastopessi deve essere una scelta ponderata e presa con l\u2019assoluta tranquillit\u00e0. Per questo i nostri specialisti ti forniranno tutte le informazioni che cerchi in modo chiaro e dettagliato.[\/vc_column_text]<a href=\"#contattaci\" class=\"vcex-button theme-button inline local-scroll-link\"><span class=\"vcex-button-inner theme-button-inner\">PRENOTA ORA<\/span><\/a> [\/vc_column][\/vc_row][vc_row content_placement=&#8221;middle&#8221; equal_height=&#8221;yes&#8221; min_height=&#8221;450px&#8221; visibility=&#8221;hidden-phone&#8221;][vc_column width=&#8221;5\/12&#8243;][vc_single_image image=&#8221;360&#8243;][\/vc_column][vc_column width=&#8221;7\/12&#8243;][vc_column_text color=&#8221;#6b8c93&#8243; font_size=&#8221;d:40px|pl:30px|pp:30px&#8221; font_weight=&#8221;bold&#8221; line_height=&#8221;normal&#8221; text_align=&#8221;left&#8221;]\n<p style=\"text-align: left;\">Controllo post-operatorio<\/p>\n[\/vc_column_text][vc_column_text css=&#8221;.vc_custom_1669280197321{margin-top: 20px !important;margin-bottom: 20px !important;}&#8221;]Il MiniHospital \u201cSandro Pertini\u201d effettua attivit\u00e0 di prevenzione e monitoraggio di ogni paziente nel periodo post-operatorio, perch\u00e9 questi possa riacquistare un equilibrio psicologico e fisiologico nel minor tempo possibile.[\/vc_column_text]<a href=\"#contattaci\" class=\"vcex-button theme-button inline local-scroll-link\"><span class=\"vcex-button-inner theme-button-inner\">PRENOTA ORA<\/span><\/a> [\/vc_column][\/vc_row][vc_row content_placement=&#8221;middle&#8221; equal_height=&#8221;yes&#8221; min_height=&#8221;450px&#8221; visibility=&#8221;hidden-phone&#8221;][vc_column width=&#8221;5\/12&#8243; el_class=&#8221;order&#8221;][vc_single_image image=&#8221;358&#8243;][\/vc_column][vc_column width=&#8221;7\/12&#8243;][vc_column_text color=&#8221;#6b8c93&#8243; font_size=&#8221;d:40px|pl:30px|pp:30px&#8221; font_weight=&#8221;bold&#8221; line_height=&#8221;normal&#8221; text_align=&#8221;left&#8221;]\n<p style=\"text-align: left;\">Fornitori e strumenti di alta qualit\u00e0<\/p>\n[\/vc_column_text][vc_column_text css=&#8221;.vc_custom_1669280213742{margin-top: 20px !important;margin-bottom: 20px !important;}&#8221;]Attenzione nella scelta dei fornitori e delle strumentazioni mediche: la completa riuscita di un intervento passa anche da qui. Selezioniamo da sempre le soluzioni migliori e all\u2019avanguardia per garantirti sempre la massima qualit\u00e0.[\/vc_column_text]<a href=\"#contattaci\" class=\"vcex-button theme-button inline local-scroll-link\"><span class=\"vcex-button-inner theme-button-inner\">PRENOTA ORA<\/span><\/a> [\/vc_column][\/vc_row][vc_row css=&#8221;.vc_custom_1669281280348{margin-top: 40px !important;}&#8221; visibility=&#8221;visible-phone&#8221;][vc_column][vc_tta_pageable no_fill_content_area=&#8221;true&#8221; autoplay=&#8221;5&#8243; active_section=&#8221;1&#8243; pagination_style=&#8221;flat-rounded&#8221; pagination_color=&#8221;peacoc&#8221;][vc_tta_section title=&#8221;Sezione 1&#8243; tab_id=&#8221;1669281201030-73d105e3-ea55&#8243;][vc_single_image image=&#8221;359&#8243;][vc_column_text color=&#8221;#6b8c93&#8243; font_size=&#8221;d:40px|pl:30px|pp:30px&#8221; font_weight=&#8221;bold&#8221; line_height=&#8221;normal&#8221; text_align=&#8221;left&#8221;]\n<p style=\"text-align: left;\">Visita e consulto accurati<\/p>\n[\/vc_column_text][vc_column_text css=&#8221;.vc_custom_1669280202687{margin-top: 20px !important;margin-bottom: 20px !important;}&#8221;]Sottoporsi a un intervento di mastoplastica o mastopessi deve essere una scelta ponderata e presa con l\u2019assoluta tranquillit\u00e0. Per questo i nostri specialisti ti forniranno tutte le informazioni che cerchi in modo chiaro e dettagliato.[\/vc_column_text][\/vc_tta_section][vc_tta_section title=&#8221;Sezione 2&#8243; tab_id=&#8221;1669281201099-54bfbf2f-54a9&#8243;][vc_single_image image=&#8221;360&#8243;][vc_column_text color=&#8221;#6b8c93&#8243; font_size=&#8221;d:40px|pl:30px|pp:30px&#8221; font_weight=&#8221;bold&#8221; line_height=&#8221;normal&#8221; text_align=&#8221;left&#8221;]\n<p style=\"text-align: left;\">Controllo post-operatorio<\/p>\n[\/vc_column_text][vc_column_text css=&#8221;.vc_custom_1669280197321{margin-top: 20px !important;margin-bottom: 20px !important;}&#8221;]Il MiniHospital \u201cSandro Pertini\u201d effettua attivit\u00e0 di prevenzione e monitoraggio di ogni paziente nel periodo post-operatorio, perch\u00e9 questi possa riacquistare un equilibrio psicologico e fisiologico nel minor tempo possibile.[\/vc_column_text][\/vc_tta_section][vc_tta_section title=&#8221;Sezione&#8221; tab_id=&#8221;1669281240712-e579fa34-bdf3&#8243;][vc_single_image image=&#8221;358&#8243;][vc_column_text color=&#8221;#6b8c93&#8243; font_size=&#8221;d:40px|pl:30px|pp:30px&#8221; font_weight=&#8221;bold&#8221; line_height=&#8221;normal&#8221; text_align=&#8221;left&#8221;]\n<p style=\"text-align: left;\">Fornitori e strumenti di alta qualit\u00e0<\/p>\n[\/vc_column_text][vc_column_text css=&#8221;.vc_custom_1669280213742{margin-top: 20px !important;margin-bottom: 20px !important;}&#8221;]Attenzione nella scelta dei fornitori e delle strumentazioni mediche: la completa riuscita di un intervento passa anche da qui. Selezioniamo da sempre le soluzioni migliori e all\u2019avanguardia per garantirti sempre la massima qualit\u00e0.[\/vc_column_text][\/vc_tta_section][\/vc_tta_pageable][\/vc_column][\/vc_row][vc_row full_width=&#8221;stretch_row&#8221; css=&#8221;.vc_custom_1669281453226{margin-top: 50px !important;background-image: url(http:\/\/minihospital.it\/landing\/wp-content\/uploads\/2022\/09\/DEGENZA-INCLUSA-scaled.jpg?id=184) !important;background-position: center !important;background-repeat: no-repeat !important;background-size: cover !important;}&#8221; visibility=&#8221;hidden-phone&#8221;][vc_column css=&#8221;.vc_custom_1662375147454{margin-top: 60px !important;margin-bottom: 60px !important;padding-top: 30px !important;padding-bottom: 30px !important;background-color: rgba(255,255,255,0.9) !important;*background-color: rgb(255,255,255) !important;}&#8221;][vc_column_text color=&#8221;#6b8c93&#8243; font_size=&#8221;d:40px|pl:30px|pp:30px&#8221; font_weight=&#8221;bold&#8221; line_height=&#8221;normal&#8221;]\n<p style=\"text-align: center;\">Degenza in struttura inclusa<\/p>\n[\/vc_column_text][vc_column_text color=&#8221;#459389&#8243; font_weight=&#8221;bold&#8221; font_size=&#8221;19px&#8221; line_height=&#8221;20px&#8221;]\n<p style=\"text-align: center;\">Attenzione e qualit\u00e0 durante l\u2019intera esperienza di cura<\/p>\n[\/vc_column_text][vc_column_text el_class=&#8221;colonna_testo&#8221;]Il MiniHospital \u201cSandro Pertini\u201d \u00e8 la struttura ideale per trascorrere in tutta serenit\u00e0 il breve periodo di degenza dopo un intervento di mastoplastica additiva. Tutte le camere della struttura presentano uno o due posti letto[\/vc_column_text][vc_column_text el_class=&#8221;colonna_testo&#8221;]e sono dotate di aria condizionata, TV, servizi igienici con doccia. Il clima di grande serenit\u00e0 e collaborazione caratterizza il lavoro di uno staff sempre attento alle esigenze di pazienti e familiari.[\/vc_column_text]<div class=\"theme-button-wrap textcenter wpex-clr\"><a href=\"#contattaci\" class=\"vcex-button theme-button align-center inline local-scroll-link\"><span class=\"vcex-button-inner theme-button-inner\">PRENOTA ORA<\/span><\/a><\/div> [\/vc_column][\/vc_row][vc_row full_width=&#8221;stretch_row_content_no_spaces&#8221; visibility=&#8221;visible-phone&#8221;][vc_column css=&#8221;.vc_custom_1669283992175{margin-top: 60px !important;padding-top: 30px !important;}&#8221;][vc_single_image image=&#8221;389&#8243;][vc_column_text color=&#8221;#6b8c93&#8243; font_size=&#8221;d:40px|pl:30px|pp:30px&#8221; font_weight=&#8221;bold&#8221; line_height=&#8221;normal&#8221; el_class=&#8221;center_mobile&#8221; css=&#8221;.vc_custom_1669281574768{margin-top: 20px !important;padding-right: 15px !important;padding-left: 15px !important;}&#8221;]\n<p style=\"text-align: left;\">Degenza in struttura inclusa<\/p>\n[\/vc_column_text][vc_column_text color=&#8221;#459389&#8243; font_weight=&#8221;bold&#8221; font_size=&#8221;19px&#8221; line_height=&#8221;20px&#8221; el_class=&#8221;center_mobile&#8221; css=&#8221;.vc_custom_1669281590303{margin-top: 20px !important;padding-right: 15px !important;padding-left: 15px !important;}&#8221;]\n<p style=\"text-align: left;\">La sicurezza di una struttura ospedaliera<\/p>\n[\/vc_column_text][vc_column_text el_class=&#8221;colonna_testo&#8221; css=&#8221;.vc_custom_1669281596756{margin-top: 20px !important;padding-right: 15px !important;padding-left: 15px !important;}&#8221;]Il MiniHospital \u201cSandro Pertini\u201d \u00e8 la struttura ideale per trascorrere in tutta serenit\u00e0 il breve periodo di degenza dopo un intervento di mastoplastica additiva. Tutte le camere della struttura presentano uno o due posti letto e sono dotate di aria condizionata, TV, servizi igienici con doccia. Il clima di grande serenit\u00e0 e collaborazione caratterizza il lavoro di uno staff sempre attento alle esigenze di pazienti e familiari.[\/vc_column_text][vc_single_image image=&#8221;44&#8243; alignment=&#8221;center&#8221; css=&#8221;.vc_custom_1669281710830{margin-top: 70px !important;}&#8221;][vc_column_text text_align=&#8221;center&#8221; css=&#8221;.vc_custom_1669281706017{margin-top: 30px !important;padding-right: 15px !important;padding-left: 15px !important;}&#8221;]\n<p style=\"text-align: center;\"><strong>MiniHospital \u201cSandro Pertini\u201d<\/strong> \u00e8 una Struttura Sanitaria Privata che sorge a Capannoli (PI).<br \/>\nRealizzata secondo le pi\u00f9 recenti concezioni dell&#8217;architettura sanitaria, offre prestazioni di medicina spezialistica ambulatoriale, diagnostica per immagini, chirurgia e medicina fisica e di riabilitazione.<\/p>\n[\/vc_column_text][vc_single_image image=&#8221;334&#8243; alignment=&#8221;center&#8221; css=&#8221;.vc_custom_1669281754830{margin-top: 70px !important;}&#8221;][\/vc_column][\/vc_row][vc_row full_width=&#8221;stretch_row&#8221; content_placement=&#8221;middle&#8221; min_height=&#8221;500px&#8221; css=&#8221;.vc_custom_1669281740992{background-image: url(http:\/\/minihospital.it\/landing\/wp-content\/uploads\/2022\/11\/banner-minihospital.jpg?id=334) !important;background-position: 0 0 !important;background-repeat: no-repeat !important;}&#8221; wpex_bg_position=&#8221;0% 100%&#8221; local_scroll_id=&#8221;minihospital&#8221; visibility=&#8221;hidden-phone&#8221;][vc_column width=&#8221;2\/3&#8243;][\/vc_column][vc_column visibility=&#8221;hidden-phone&#8221; width=&#8221;1\/3&#8243;][vc_single_image image=&#8221;44&#8243; alignment=&#8221;center&#8221;][vc_column_text text_align=&#8221;center&#8221; css=&#8221;.vc_custom_1669279376148{margin-top: 30px !important;}&#8221;]\n<p style=\"text-align: center;\"><strong>MiniHospital \u201cSandro Pertini\u201d<\/strong> \u00e8 una Struttura Sanitaria Privata che sorge a Capannoli (PI).<br \/>\nRealizzata secondo le pi\u00f9 recenti concezioni dell&#8217;architettura sanitaria, offre prestazioni di medicina spezialistica ambulatoriale, diagnostica per immagini, chirurgia e medicina fisica e di riabilitazione.<\/p>\n[\/vc_column_text][\/vc_column][\/vc_row][vc_row full_width=&#8221;stretch_row&#8221; content_placement=&#8221;middle&#8221; equal_height=&#8221;yes&#8221; min_height=&#8221;500px&#8221; css=&#8221;.vc_custom_1669279683935{background-image: url(http:\/\/minihospital.it\/landing\/wp-content\/uploads\/2022\/11\/banner-incluso-nel-prezzo-desktop.jpg?id=332) !important;background-position: center !important;background-repeat: no-repeat !important;background-size: cover !important;}&#8221;][vc_column width=&#8221;1\/2&#8243; el_class=&#8221;center_mobile&#8221;][vc_empty_space height=&#8221;60px&#8221; el_class=&#8221;mobile&#8221;][vc_column_text color=&#8221;#ffffff&#8221; font_size=&#8221;22px&#8221; font_weight=&#8221;700&#8243;]Nel prezzo sono inclusi:[\/vc_column_text][vc_separator color=&#8221;white&#8221; css=&#8221;.vc_custom_1669279532643{margin-top: 5px !important;margin-bottom: 25px !important;}&#8221;]<style>.vcex-list_item.vcex_69f090226c23b{font-weight:600;color:#ffffff;}.vcex-list_item.vcex_69f090226c23b .vcex-list-item-icon-inner{color:#ffffff;font-size:var(--vcex-icon-sm);}<\/style><div class=\"vcex-list_item vcex-module wpex-m-0 wpex-max-w-100 wpex-mb-5 vcex_69f090226c23b\"><div class=\"vcex-list-item-inner wpex-inline-flex wpex-flex-no-wrap wpex-items-center\"><div class=\"vcex-list-item-icon wpex-mr-10\"><div class=\"vcex-list-item-icon-inner vcex-icon-wrap wpex-inline-flex wpex-justify-center wpex-items-center wpex-leading-none wpex-child-inherit-color\"><span aria-hidden=\"true\" class=\"fas fa-circle\"><\/span><\/div><\/div><div class=\"vcex-list-item-text vcex-content wpex-flex-grow\">CONSULENZA PROFESSIONALE<\/div><\/div><\/div><style>.vcex-list_item.vcex_69f090226c768{font-weight:600;color:#ffffff;}.vcex-list_item.vcex_69f090226c768 .vcex-list-item-icon-inner{color:#ffffff;font-size:var(--vcex-icon-sm);}<\/style><div class=\"vcex-list_item vcex-module wpex-m-0 wpex-max-w-100 wpex-mb-5 vcex_69f090226c768\"><div class=\"vcex-list-item-inner wpex-inline-flex wpex-flex-no-wrap wpex-items-center\"><div class=\"vcex-list-item-icon wpex-mr-10\"><div class=\"vcex-list-item-icon-inner vcex-icon-wrap wpex-inline-flex wpex-justify-center wpex-items-center wpex-leading-none wpex-child-inherit-color\"><span aria-hidden=\"true\" class=\"fas fa-circle\"><\/span><\/div><\/div><div class=\"vcex-list-item-text vcex-content wpex-flex-grow\">INTERVENTO<\/div><\/div><\/div><style>.vcex-list_item.vcex_69f090226cc1a{font-weight:600;color:#ffffff;}.vcex-list_item.vcex_69f090226cc1a .vcex-list-item-icon-inner{color:#ffffff;font-size:var(--vcex-icon-sm);}<\/style><div class=\"vcex-list_item vcex-module wpex-m-0 wpex-max-w-100 wpex-mb-5 vcex_69f090226cc1a\"><div class=\"vcex-list-item-inner wpex-inline-flex wpex-flex-no-wrap wpex-items-center\"><div class=\"vcex-list-item-icon wpex-mr-10\"><div class=\"vcex-list-item-icon-inner vcex-icon-wrap wpex-inline-flex wpex-justify-center wpex-items-center wpex-leading-none wpex-child-inherit-color\"><span aria-hidden=\"true\" class=\"fas fa-circle\"><\/span><\/div><\/div><div class=\"vcex-list-item-text vcex-content wpex-flex-grow\">PROTESI GARANTITE DI QUALIT\u00c0<\/div><\/div><\/div><style>.vcex-list_item.vcex_69f090226d08f{font-weight:600;color:#ffffff;}.vcex-list_item.vcex_69f090226d08f .vcex-list-item-icon-inner{color:#ffffff;font-size:var(--vcex-icon-sm);}<\/style><div class=\"vcex-list_item vcex-module wpex-m-0 wpex-max-w-100 wpex-mb-5 vcex_69f090226d08f\"><div class=\"vcex-list-item-inner wpex-inline-flex wpex-flex-no-wrap wpex-items-center\"><div class=\"vcex-list-item-icon wpex-mr-10\"><div class=\"vcex-list-item-icon-inner vcex-icon-wrap wpex-inline-flex wpex-justify-center wpex-items-center wpex-leading-none wpex-child-inherit-color\"><span aria-hidden=\"true\" class=\"fas fa-circle\"><\/span><\/div><\/div><div class=\"vcex-list-item-text vcex-content wpex-flex-grow\">EQUIPE DI PROFESSIONISTI MEDICI<\/div><\/div><\/div><style>.vcex-list_item.vcex_69f090226d514{font-weight:600;color:#ffffff;}.vcex-list_item.vcex_69f090226d514 .vcex-list-item-icon-inner{color:#ffffff;font-size:var(--vcex-icon-sm);}<\/style><div class=\"vcex-list_item vcex-module wpex-m-0 wpex-max-w-100 wpex-mb-5 vcex_69f090226d514\"><div class=\"vcex-list-item-inner wpex-inline-flex wpex-flex-no-wrap wpex-items-center\"><div class=\"vcex-list-item-icon wpex-mr-10\"><div class=\"vcex-list-item-icon-inner vcex-icon-wrap wpex-inline-flex wpex-justify-center wpex-items-center wpex-leading-none wpex-child-inherit-color\"><span aria-hidden=\"true\" class=\"fas fa-circle\"><\/span><\/div><\/div><div class=\"vcex-list-item-text vcex-content wpex-flex-grow\">DEGENZA IN STRUTTURA<\/div><\/div><\/div><style>.vcex-list_item.vcex_69f090226d98d{font-weight:600;color:#ffffff;}.vcex-list_item.vcex_69f090226d98d .vcex-list-item-icon-inner{color:#ffffff;font-size:var(--vcex-icon-sm);}<\/style><div class=\"vcex-list_item vcex-module wpex-m-0 wpex-max-w-100 wpex-mb-5 vcex_69f090226d98d\"><div class=\"vcex-list-item-inner wpex-inline-flex wpex-flex-no-wrap wpex-items-center\"><div class=\"vcex-list-item-icon wpex-mr-10\"><div class=\"vcex-list-item-icon-inner vcex-icon-wrap wpex-inline-flex wpex-justify-center wpex-items-center wpex-leading-none wpex-child-inherit-color\"><span aria-hidden=\"true\" class=\"fas fa-circle\"><\/span><\/div><\/div><div class=\"vcex-list-item-text vcex-content wpex-flex-grow\">KIT LIPOELASTIC CON REGGISENO COMPRESSIVO<\/div><\/div><\/div><style>.vcex-list_item.vcex_69f090226ddea{font-weight:600;color:#ffffff;}.vcex-list_item.vcex_69f090226ddea .vcex-list-item-icon-inner{color:#ffffff;font-size:var(--vcex-icon-sm);}<\/style><div class=\"vcex-list_item vcex-module wpex-m-0 wpex-max-w-100 wpex-mb-5 vcex_69f090226ddea\"><div class=\"vcex-list-item-inner wpex-inline-flex wpex-flex-no-wrap wpex-items-center\"><div class=\"vcex-list-item-icon wpex-mr-10\"><div class=\"vcex-list-item-icon-inner vcex-icon-wrap wpex-inline-flex wpex-justify-center wpex-items-center wpex-leading-none wpex-child-inherit-color\"><span aria-hidden=\"true\" class=\"fas fa-circle\"><\/span><\/div><\/div><div class=\"vcex-list-item-text vcex-content wpex-flex-grow\">CONTROLLO POST OPERATORIO<\/div><\/div><\/div><style>.vcex-list_item.vcex_69f090226e252{font-weight:600;color:#ffffff;}.vcex-list_item.vcex_69f090226e252 .vcex-list-item-icon-inner{color:#ffffff;font-size:var(--vcex-icon-sm);}<\/style><div class=\"vcex-list_item vcex-module wpex-m-0 wpex-max-w-100 wpex-mb-5 vcex_69f090226e252\"><div class=\"vcex-list-item-inner wpex-inline-flex wpex-flex-no-wrap wpex-items-center\"><div class=\"vcex-list-item-icon wpex-mr-10\"><div class=\"vcex-list-item-icon-inner vcex-icon-wrap wpex-inline-flex wpex-justify-center wpex-items-center wpex-leading-none wpex-child-inherit-color\"><span aria-hidden=\"true\" class=\"fas fa-circle\"><\/span><\/div><\/div><div class=\"vcex-list-item-text vcex-content wpex-flex-grow\">PAGAMENTO RATEIZZABILE<\/div><\/div><\/div>[vc_empty_space height=&#8221;60px&#8221; el_class=&#8221;mobile&#8221;][\/vc_column][vc_column width=&#8221;1\/6&#8243;][\/vc_column][vc_column visibility=&#8221;hidden-phone&#8221; width=&#8221;1\/3&#8243;]<div class=\"theme-button-wrap textcenter wpex-clr\"><a href=\"#contattaci\" class=\"vcex-button theme-button align-center inline local-scroll-link\"><span class=\"vcex-button-inner theme-button-inner\">PRENOTA ORA<\/span><\/a><\/div> [\/vc_column][\/vc_row][vc_row css=&#8221;.vc_custom_1662110305804{margin-top: 40px !important;margin-bottom: 10px !important;}&#8221;][vc_column][vc_column_text color=&#8221;#6b8c93&#8243; font_size=&#8221;d:40px|pl:30px|pp:30px&#8221; font_weight=&#8221;bold&#8221; line_height=&#8221;normal&#8221;]\n<p style=\"text-align: center;\">Domande frequenti<\/p>\n[\/vc_column_text][\/vc_column][\/vc_row][vc_row][vc_column width=&#8221;1\/2&#8243; css=&#8221;.vc_custom_1662110161034{margin-top: 35px !important;}&#8221;]<style>.vcex-toggle.vcex_69f090226eafe .vcex-toggle__icon{color:#ffffff;}.vcex-toggle.vcex_69f090226eafe .vcex-toggle__trigger{color:#ffffff;}.vcex-toggle.vcex_69f090226eafe .vcex-toggle__trigger:hover{color:#ffffff;}<\/style><div class=\"vcex-toggle vcex-module faq vcex_69f090226eafe\" data-animate=\"true\" data-duration=\"300\"><div class=\"vcex-toggle__heading\"><a href=\"#chi-pu-sottoporsi-a-un-intervento-di-mastoplastica-additiva\" class=\"vcex-toggle__trigger wpex-flex wpex-items-center wpex-transition-colors wpex-flex-row-reverse\" aria-expanded=\"false\" aria-controls=\"chi-pu-sottoporsi-a-un-intervento-di-mastoplastica-additiva\"><div class=\"vcex-toggle__icon wpex-ml-10\" aria-hidden=\"true\"><div class=\"vcex-toggle__icon-open wpex-flex wpex-flex-col wpex-items-center\"><svg xmlns=\"http:\/\/www.w3.org\/2000\/svg\" height=\"1.5em\" viewBox=\"0 0 24 24\" width=\"1.5em\" fill=\"currentColor\"><path d=\"M0 0h24v24H0V0z\" fill=\"none\"\/><path d=\"M24 24H0V0h24v24z\" fill=\"none\" opacity=\".87\"\/><path d=\"M16.59 8.59L12 13.17 7.41 8.59 6 10l6 6 6-6-1.41-1.41z\"\/><\/svg><\/div><div class=\"vcex-toggle__icon-close wpex-flex wpex-flex-col wpex-items-center\"><svg xmlns=\"http:\/\/www.w3.org\/2000\/svg\" height=\"1.5em\" viewBox=\"0 0 24 24\" width=\"1.5em\" fill=\"currentColor\" class=\"vcex-toggle__icon-close\"><path d=\"M0 0h24v24H0V0z\" fill=\"none\"\/><path d=\"M12 8l-6 6 1.41 1.41L12 10.83l4.59 4.58L18 14l-6-6z\"\/><\/svg><\/div><\/div><div class=\"vcex-toggle__title wpex-mr-auto\">Chi pu\u00f2 sottoporsi a un intervento di mastoplastica additiva?<\/div><\/a><\/div><div id=\"chi-pu-sottoporsi-a-un-intervento-di-mastoplastica-additiva\" class=\"vcex-toggle__content wpex-last-mb-0 wpex-my-10 wpex-clr\">Tutte le donne in buona salute anche se hanno recentemente partorito o allattato, che desiderano migliorare il proprio aspetto fisico e che nutrono il desiderio di aumentare le dimensioni del proprio seno e migliorarne la forma e proporzioni.<\/div><\/div>[\/vc_column][vc_column width=&#8221;1\/2&#8243; css=&#8221;.vc_custom_1662110165041{margin-top: 35px !important;}&#8221;]<style>.vcex-toggle.vcex_69f090226eeb5 .vcex-toggle__icon{color:#ffffff;}.vcex-toggle.vcex_69f090226eeb5 .vcex-toggle__trigger{color:#ffffff;}.vcex-toggle.vcex_69f090226eeb5 .vcex-toggle__trigger:hover{color:#ffffff;}<\/style><div class=\"vcex-toggle vcex-module faq vcex_69f090226eeb5\" data-animate=\"true\" data-duration=\"300\"><div class=\"vcex-toggle__heading\"><a href=\"#quali-sono-le-complicazioni-legate-a-un-intervento-di-mastoplastica-additiva\" class=\"vcex-toggle__trigger wpex-flex wpex-items-center wpex-transition-colors wpex-flex-row-reverse\" aria-expanded=\"false\" aria-controls=\"quali-sono-le-complicazioni-legate-a-un-intervento-di-mastoplastica-additiva\"><div class=\"vcex-toggle__icon wpex-ml-10\" aria-hidden=\"true\"><div class=\"vcex-toggle__icon-open wpex-flex wpex-flex-col wpex-items-center\"><svg xmlns=\"http:\/\/www.w3.org\/2000\/svg\" height=\"1.5em\" viewBox=\"0 0 24 24\" width=\"1.5em\" fill=\"currentColor\"><path d=\"M0 0h24v24H0V0z\" fill=\"none\"\/><path d=\"M24 24H0V0h24v24z\" fill=\"none\" opacity=\".87\"\/><path d=\"M16.59 8.59L12 13.17 7.41 8.59 6 10l6 6 6-6-1.41-1.41z\"\/><\/svg><\/div><div class=\"vcex-toggle__icon-close wpex-flex wpex-flex-col wpex-items-center\"><svg xmlns=\"http:\/\/www.w3.org\/2000\/svg\" height=\"1.5em\" viewBox=\"0 0 24 24\" width=\"1.5em\" fill=\"currentColor\" class=\"vcex-toggle__icon-close\"><path d=\"M0 0h24v24H0V0z\" fill=\"none\"\/><path d=\"M12 8l-6 6 1.41 1.41L12 10.83l4.59 4.58L18 14l-6-6z\"\/><\/svg><\/div><\/div><div class=\"vcex-toggle__title wpex-mr-auto\">Quali sono le complicazioni legate a un intervento di mastoplastica additiva?<\/div><\/a><\/div><div id=\"quali-sono-le-complicazioni-legate-a-un-intervento-di-mastoplastica-additiva\" class=\"vcex-toggle__content wpex-last-mb-0 wpex-my-10 wpex-clr\">Come per tutti gli interventi vi \u00e8 una possibilit\u00e0, anche se in questo caso, assolutamente remota, di una complicazione (ad esempio reazione all\u2019anestesia, lieve sanguinamento, infezione ecc.)<\/div><\/div>[\/vc_column][\/vc_row][vc_row][vc_column width=&#8221;1\/2&#8243; css=&#8221;.vc_custom_1662110161034{margin-top: 35px !important;}&#8221;]<style>.vcex-toggle.vcex_69f090226f238 .vcex-toggle__icon{color:#ffffff;}.vcex-toggle.vcex_69f090226f238 .vcex-toggle__trigger{color:#ffffff;}.vcex-toggle.vcex_69f090226f238 .vcex-toggle__trigger:hover{color:#ffffff;}<\/style><div class=\"vcex-toggle vcex-module faq vcex_69f090226f238\" data-animate=\"true\" data-duration=\"300\"><div class=\"vcex-toggle__heading\"><a href=\"#dopo-un-intervento-quando-potr-tornare-alla-mia-vita-normale\" class=\"vcex-toggle__trigger wpex-flex wpex-items-center wpex-transition-colors wpex-flex-row-reverse\" aria-expanded=\"false\" aria-controls=\"dopo-un-intervento-quando-potr-tornare-alla-mia-vita-normale\"><div class=\"vcex-toggle__icon wpex-ml-10\" aria-hidden=\"true\"><div class=\"vcex-toggle__icon-open wpex-flex wpex-flex-col wpex-items-center\"><svg xmlns=\"http:\/\/www.w3.org\/2000\/svg\" height=\"1.5em\" viewBox=\"0 0 24 24\" width=\"1.5em\" fill=\"currentColor\"><path d=\"M0 0h24v24H0V0z\" fill=\"none\"\/><path d=\"M24 24H0V0h24v24z\" fill=\"none\" opacity=\".87\"\/><path d=\"M16.59 8.59L12 13.17 7.41 8.59 6 10l6 6 6-6-1.41-1.41z\"\/><\/svg><\/div><div class=\"vcex-toggle__icon-close wpex-flex wpex-flex-col wpex-items-center\"><svg xmlns=\"http:\/\/www.w3.org\/2000\/svg\" height=\"1.5em\" viewBox=\"0 0 24 24\" width=\"1.5em\" fill=\"currentColor\" class=\"vcex-toggle__icon-close\"><path d=\"M0 0h24v24H0V0z\" fill=\"none\"\/><path d=\"M12 8l-6 6 1.41 1.41L12 10.83l4.59 4.58L18 14l-6-6z\"\/><\/svg><\/div><\/div><div class=\"vcex-toggle__title wpex-mr-auto\">Dopo un intervento quando potr\u00f2 tornare alla mia vita normale?<\/div><\/a><\/div><div id=\"dopo-un-intervento-quando-potr-tornare-alla-mia-vita-normale\" class=\"vcex-toggle__content wpex-last-mb-0 wpex-my-10 wpex-clr\">\u00c8 possibile tornare al lavoro leggero da ufficio circa 1-2 settimane dopo l\u2019intervento. Entro 3-4 settimane la maggior parte del gonfiore dovrebbe essersi risolto, restituendo un seno pi\u00f9 morbido e dall\u2019aspetto pi\u00f9 naturale.<\/div><\/div>[\/vc_column][vc_column width=&#8221;1\/2&#8243; css=&#8221;.vc_custom_1662110165041{margin-top: 35px !important;}&#8221;]<style>.vcex-toggle.vcex_69f090226f5a9 .vcex-toggle__icon{color:#ffffff;}.vcex-toggle.vcex_69f090226f5a9 .vcex-toggle__trigger{color:#ffffff;}.vcex-toggle.vcex_69f090226f5a9 .vcex-toggle__trigger:hover{color:#ffffff;}<\/style><div class=\"vcex-toggle vcex-module faq vcex_69f090226f5a9\" data-animate=\"true\" data-duration=\"300\"><div class=\"vcex-toggle__heading\"><a href=\"#dopo-quanto-tempo-dovr-sostituire-le-protesi\" class=\"vcex-toggle__trigger wpex-flex wpex-items-center wpex-transition-colors wpex-flex-row-reverse\" aria-expanded=\"false\" aria-controls=\"dopo-quanto-tempo-dovr-sostituire-le-protesi\"><div class=\"vcex-toggle__icon wpex-ml-10\" aria-hidden=\"true\"><div class=\"vcex-toggle__icon-open wpex-flex wpex-flex-col wpex-items-center\"><svg xmlns=\"http:\/\/www.w3.org\/2000\/svg\" height=\"1.5em\" viewBox=\"0 0 24 24\" width=\"1.5em\" fill=\"currentColor\"><path d=\"M0 0h24v24H0V0z\" fill=\"none\"\/><path d=\"M24 24H0V0h24v24z\" fill=\"none\" opacity=\".87\"\/><path d=\"M16.59 8.59L12 13.17 7.41 8.59 6 10l6 6 6-6-1.41-1.41z\"\/><\/svg><\/div><div class=\"vcex-toggle__icon-close wpex-flex wpex-flex-col wpex-items-center\"><svg xmlns=\"http:\/\/www.w3.org\/2000\/svg\" height=\"1.5em\" viewBox=\"0 0 24 24\" width=\"1.5em\" fill=\"currentColor\" class=\"vcex-toggle__icon-close\"><path d=\"M0 0h24v24H0V0z\" fill=\"none\"\/><path d=\"M12 8l-6 6 1.41 1.41L12 10.83l4.59 4.58L18 14l-6-6z\"\/><\/svg><\/div><\/div><div class=\"vcex-toggle__title wpex-mr-auto\">Dopo quanto tempo dovr\u00f2 sostituire le protesi?<\/div><\/a><\/div><div id=\"dopo-quanto-tempo-dovr-sostituire-le-protesi\" class=\"vcex-toggle__content wpex-last-mb-0 wpex-my-10 wpex-clr\">La maggior parte delle protesi in silicone e soluzione salina sono approvate dalla FDA per 10-20 anni. Nella maggior parte delle donne, tali impianti si mantengono oltre i 10 anni prima di richiederne la sostituzione.<\/div><\/div>[\/vc_column][\/vc_row][vc_row][vc_column width=&#8221;1\/2&#8243; css=&#8221;.vc_custom_1662110161034{margin-top: 35px !important;}&#8221;]<style>.vcex-toggle.vcex_69f090226f951 .vcex-toggle__icon{color:#ffffff;}.vcex-toggle.vcex_69f090226f951 .vcex-toggle__trigger{color:#ffffff;}.vcex-toggle.vcex_69f090226f951 .vcex-toggle__trigger:hover{color:#ffffff;}<\/style><div class=\"vcex-toggle vcex-module faq vcex_69f090226f951\" data-animate=\"true\" data-duration=\"300\"><div class=\"vcex-toggle__heading\"><a href=\"#devo-aspettare-per-un-aumento-del-seno-fino-a-dopo-il-parto\" class=\"vcex-toggle__trigger wpex-flex wpex-items-center wpex-transition-colors wpex-flex-row-reverse\" aria-expanded=\"false\" aria-controls=\"devo-aspettare-per-un-aumento-del-seno-fino-a-dopo-il-parto\"><div class=\"vcex-toggle__icon wpex-ml-10\" aria-hidden=\"true\"><div class=\"vcex-toggle__icon-open wpex-flex wpex-flex-col wpex-items-center\"><svg xmlns=\"http:\/\/www.w3.org\/2000\/svg\" height=\"1.5em\" viewBox=\"0 0 24 24\" width=\"1.5em\" fill=\"currentColor\"><path d=\"M0 0h24v24H0V0z\" fill=\"none\"\/><path d=\"M24 24H0V0h24v24z\" fill=\"none\" opacity=\".87\"\/><path d=\"M16.59 8.59L12 13.17 7.41 8.59 6 10l6 6 6-6-1.41-1.41z\"\/><\/svg><\/div><div class=\"vcex-toggle__icon-close wpex-flex wpex-flex-col wpex-items-center\"><svg xmlns=\"http:\/\/www.w3.org\/2000\/svg\" height=\"1.5em\" viewBox=\"0 0 24 24\" width=\"1.5em\" fill=\"currentColor\" class=\"vcex-toggle__icon-close\"><path d=\"M0 0h24v24H0V0z\" fill=\"none\"\/><path d=\"M12 8l-6 6 1.41 1.41L12 10.83l4.59 4.58L18 14l-6-6z\"\/><\/svg><\/div><\/div><div class=\"vcex-toggle__title wpex-mr-auto\">Devo aspettare per un aumento del seno fino a dopo il parto?<\/div><\/a><\/div><div id=\"devo-aspettare-per-un-aumento-del-seno-fino-a-dopo-il-parto\" class=\"vcex-toggle__content wpex-last-mb-0 wpex-my-10 wpex-clr\">La decisione di sottoporsi ad un intervento di mastoplastica additiva prima o dopo un parto se si ha un progetto di vita di avere figli, \u00e8 personale. Non c&#8217;\u00e8 mai un momento &#8220;giusto&#8221; o &#8220;sbagliato&#8221;. Una donna pu\u00f2 godere dei risultati di un aumento prima della sua decisione di avere una famiglia. \u00c8 improbabile che l&#8217;aumento del seno cambi la capacit\u00e0 di allattare un bambino. Tuttavia, c&#8217;\u00e8 un leggero rischio che la sensibilit\u00e0 dei capezzoli possa diminuire dopo l&#8217;intervento e possa eventualmente interferire con i riflessi richiesti per l&#8217;allattamento al seno.<br \/>\nSi rammenta che, dopo il parto, a causa di cambiamenti ormonali naturali, il seno tende a perdere il suo volume, indipendentemente dall\u2019allattamento.<\/div><\/div>[\/vc_column][vc_column width=&#8221;1\/2&#8243; css=&#8221;.vc_custom_1662110165041{margin-top: 35px !important;}&#8221;]<style>.vcex-toggle.vcex_69f090226fd09 .vcex-toggle__icon{color:#ffffff;}.vcex-toggle.vcex_69f090226fd09 .vcex-toggle__trigger{color:#ffffff;}.vcex-toggle.vcex_69f090226fd09 .vcex-toggle__trigger:hover{color:#ffffff;}<\/style><div class=\"vcex-toggle vcex-module faq vcex_69f090226fd09\" data-animate=\"true\" data-duration=\"300\"><div class=\"vcex-toggle__heading\"><a href=\"#la-mastoplastica-pu-facilitare-lo-sviluppo-di-un-eventuale-tumore-del-seno\" class=\"vcex-toggle__trigger wpex-flex wpex-items-center wpex-transition-colors wpex-flex-row-reverse\" aria-expanded=\"false\" aria-controls=\"la-mastoplastica-pu-facilitare-lo-sviluppo-di-un-eventuale-tumore-del-seno\"><div class=\"vcex-toggle__icon wpex-ml-10\" aria-hidden=\"true\"><div class=\"vcex-toggle__icon-open wpex-flex wpex-flex-col wpex-items-center\"><svg xmlns=\"http:\/\/www.w3.org\/2000\/svg\" height=\"1.5em\" viewBox=\"0 0 24 24\" width=\"1.5em\" fill=\"currentColor\"><path d=\"M0 0h24v24H0V0z\" fill=\"none\"\/><path d=\"M24 24H0V0h24v24z\" fill=\"none\" opacity=\".87\"\/><path d=\"M16.59 8.59L12 13.17 7.41 8.59 6 10l6 6 6-6-1.41-1.41z\"\/><\/svg><\/div><div class=\"vcex-toggle__icon-close wpex-flex wpex-flex-col wpex-items-center\"><svg xmlns=\"http:\/\/www.w3.org\/2000\/svg\" height=\"1.5em\" viewBox=\"0 0 24 24\" width=\"1.5em\" fill=\"currentColor\" class=\"vcex-toggle__icon-close\"><path d=\"M0 0h24v24H0V0z\" fill=\"none\"\/><path d=\"M12 8l-6 6 1.41 1.41L12 10.83l4.59 4.58L18 14l-6-6z\"\/><\/svg><\/div><\/div><div class=\"vcex-toggle__title wpex-mr-auto\">La mastoplastica, pu\u00f2 facilitare lo sviluppo di un eventuale tumore del seno?<\/div><\/a><\/div><div id=\"la-mastoplastica-pu-facilitare-lo-sviluppo-di-un-eventuale-tumore-del-seno\" class=\"vcex-toggle__content wpex-last-mb-0 wpex-my-10 wpex-clr\">La procedura di per s\u00e9 non \u00e8 assolutamente nociva, ma \u00e8 bene ricordare che nelle donne vi \u00e8 un\u2019 incidenza elevata di tumore al seno, legata per la maggior parte a fattori genetici, del tutto indipendenti dalla procedure di mastoplastica. Pertanto le misure di prevenzione e controlli routinari vanno mantenuti.<\/div><\/div>[\/vc_column][\/vc_row][vc_row][vc_column width=&#8221;1\/2&#8243; css=&#8221;.vc_custom_1662110161034{margin-top: 35px !important;}&#8221;]<style>.vcex-toggle.vcex_69f090227007f .vcex-toggle__icon{color:#ffffff;}.vcex-toggle.vcex_69f090227007f .vcex-toggle__trigger{color:#ffffff;}.vcex-toggle.vcex_69f090227007f .vcex-toggle__trigger:hover{color:#ffffff;}<\/style><div class=\"vcex-toggle vcex-module faq vcex_69f090227007f\" data-animate=\"true\" data-duration=\"300\"><div class=\"vcex-toggle__heading\"><a href=\"#le-protesi-mammarie-possono-interferire-con-una-mammografia\" class=\"vcex-toggle__trigger wpex-flex wpex-items-center wpex-transition-colors wpex-flex-row-reverse\" aria-expanded=\"false\" aria-controls=\"le-protesi-mammarie-possono-interferire-con-una-mammografia\"><div class=\"vcex-toggle__icon wpex-ml-10\" aria-hidden=\"true\"><div class=\"vcex-toggle__icon-open wpex-flex wpex-flex-col wpex-items-center\"><svg xmlns=\"http:\/\/www.w3.org\/2000\/svg\" height=\"1.5em\" viewBox=\"0 0 24 24\" width=\"1.5em\" fill=\"currentColor\"><path d=\"M0 0h24v24H0V0z\" fill=\"none\"\/><path d=\"M24 24H0V0h24v24z\" fill=\"none\" opacity=\".87\"\/><path d=\"M16.59 8.59L12 13.17 7.41 8.59 6 10l6 6 6-6-1.41-1.41z\"\/><\/svg><\/div><div class=\"vcex-toggle__icon-close wpex-flex wpex-flex-col wpex-items-center\"><svg xmlns=\"http:\/\/www.w3.org\/2000\/svg\" height=\"1.5em\" viewBox=\"0 0 24 24\" width=\"1.5em\" fill=\"currentColor\" class=\"vcex-toggle__icon-close\"><path d=\"M0 0h24v24H0V0z\" fill=\"none\"\/><path d=\"M12 8l-6 6 1.41 1.41L12 10.83l4.59 4.58L18 14l-6-6z\"\/><\/svg><\/div><\/div><div class=\"vcex-toggle__title wpex-mr-auto\">Le protesi mammarie possono interferire con una mammografia?<\/div><\/a><\/div><div id=\"le-protesi-mammarie-possono-interferire-con-una-mammografia\" class=\"vcex-toggle__content wpex-last-mb-0 wpex-my-10 wpex-clr\">Le protesi mammarie possono interferire con le letture mammografiche in alcuni pazienti, principalmente quelli che hanno protesi posizionate a livello sottoghiandolare (sopra il muscolo).<br \/>\nQuesto svantaggio \u00e8 invece notevolmente ridotto con impianti sottomuscolari (dietro il muscolo).<br \/>\nQuesto \u00e8 un problema molto importante per le donne con una forte storia familiare di cancro al seno, per le quali viene quindi consigliato un impianto sottomuscolare.<\/div><\/div>[\/vc_column][vc_column width=&#8221;1\/2&#8243; css=&#8221;.vc_custom_1662110165041{margin-top: 35px !important;}&#8221;]<style>.vcex-toggle.vcex_69f090227041f .vcex-toggle__icon{color:#ffffff;}.vcex-toggle.vcex_69f090227041f .vcex-toggle__trigger{color:#ffffff;}.vcex-toggle.vcex_69f090227041f .vcex-toggle__trigger:hover{color:#ffffff;}<\/style><div class=\"vcex-toggle vcex-module faq vcex_69f090227041f\" data-animate=\"true\" data-duration=\"300\"><div class=\"vcex-toggle__heading\"><a href=\"#c-la-possibilit-che-io-perda-la-sensibilit-al-capezzolo-dopo-laumento-del-seno\" class=\"vcex-toggle__trigger wpex-flex wpex-items-center wpex-transition-colors wpex-flex-row-reverse\" aria-expanded=\"false\" aria-controls=\"c-la-possibilit-che-io-perda-la-sensibilit-al-capezzolo-dopo-laumento-del-seno\"><div class=\"vcex-toggle__icon wpex-ml-10\" aria-hidden=\"true\"><div class=\"vcex-toggle__icon-open wpex-flex wpex-flex-col wpex-items-center\"><svg xmlns=\"http:\/\/www.w3.org\/2000\/svg\" height=\"1.5em\" viewBox=\"0 0 24 24\" width=\"1.5em\" fill=\"currentColor\"><path d=\"M0 0h24v24H0V0z\" fill=\"none\"\/><path d=\"M24 24H0V0h24v24z\" fill=\"none\" opacity=\".87\"\/><path d=\"M16.59 8.59L12 13.17 7.41 8.59 6 10l6 6 6-6-1.41-1.41z\"\/><\/svg><\/div><div class=\"vcex-toggle__icon-close wpex-flex wpex-flex-col wpex-items-center\"><svg xmlns=\"http:\/\/www.w3.org\/2000\/svg\" height=\"1.5em\" viewBox=\"0 0 24 24\" width=\"1.5em\" fill=\"currentColor\" class=\"vcex-toggle__icon-close\"><path d=\"M0 0h24v24H0V0z\" fill=\"none\"\/><path d=\"M12 8l-6 6 1.41 1.41L12 10.83l4.59 4.58L18 14l-6-6z\"\/><\/svg><\/div><\/div><div class=\"vcex-toggle__title wpex-mr-auto\">C'\u00e8 la possibilit\u00e0 che io perda la sensibilit\u00e0 al capezzolo dopo l'aumento del seno?<\/div><\/a><\/div><div id=\"c-la-possibilit-che-io-perda-la-sensibilit-al-capezzolo-dopo-laumento-del-seno\" class=\"vcex-toggle__content wpex-last-mb-0 wpex-my-10 wpex-clr\">La possibilit\u00e0 di perdere la sensibilit\u00e0 o la sensibilit\u00e0 del capezzolo dopo l&#8217;aumento del seno \u00e8 presente, ma \u00e8 piuttosto bassa. Nel complesso, la possibilit\u00e0 di perdere la sensibilit\u00e0 nell&#8217;uno o nell&#8217;altro capezzolo \u00e8 di solo il 4%.<\/div><\/div>[\/vc_column][\/vc_row][vc_row][vc_column width=&#8221;1\/2&#8243; css=&#8221;.vc_custom_1662110161034{margin-top: 35px !important;}&#8221;]<style>.vcex-toggle.vcex_69f090227079c .vcex-toggle__icon{color:#ffffff;}.vcex-toggle.vcex_69f090227079c .vcex-toggle__trigger{color:#ffffff;}.vcex-toggle.vcex_69f090227079c .vcex-toggle__trigger:hover{color:#ffffff;}<\/style><div class=\"vcex-toggle vcex-module faq vcex_69f090227079c\" data-animate=\"true\" data-duration=\"300\"><div class=\"vcex-toggle__heading\"><a href=\"#un-seno-cadente-pu-essere-sollevato-con-il-posizionamento-di-una-protesi-mammaria\" class=\"vcex-toggle__trigger wpex-flex wpex-items-center wpex-transition-colors wpex-flex-row-reverse\" aria-expanded=\"false\" aria-controls=\"un-seno-cadente-pu-essere-sollevato-con-il-posizionamento-di-una-protesi-mammaria\"><div class=\"vcex-toggle__icon wpex-ml-10\" aria-hidden=\"true\"><div class=\"vcex-toggle__icon-open wpex-flex wpex-flex-col wpex-items-center\"><svg xmlns=\"http:\/\/www.w3.org\/2000\/svg\" height=\"1.5em\" viewBox=\"0 0 24 24\" width=\"1.5em\" fill=\"currentColor\"><path d=\"M0 0h24v24H0V0z\" fill=\"none\"\/><path d=\"M24 24H0V0h24v24z\" fill=\"none\" opacity=\".87\"\/><path d=\"M16.59 8.59L12 13.17 7.41 8.59 6 10l6 6 6-6-1.41-1.41z\"\/><\/svg><\/div><div class=\"vcex-toggle__icon-close wpex-flex wpex-flex-col wpex-items-center\"><svg xmlns=\"http:\/\/www.w3.org\/2000\/svg\" height=\"1.5em\" viewBox=\"0 0 24 24\" width=\"1.5em\" fill=\"currentColor\" class=\"vcex-toggle__icon-close\"><path d=\"M0 0h24v24H0V0z\" fill=\"none\"\/><path d=\"M12 8l-6 6 1.41 1.41L12 10.83l4.59 4.58L18 14l-6-6z\"\/><\/svg><\/div><\/div><div class=\"vcex-toggle__title wpex-mr-auto\">Un seno cadente pu\u00f2 essere \"sollevato\" con il posizionamento di una protesi mammaria?<\/div><\/a><\/div><div id=\"un-seno-cadente-pu-essere-sollevato-con-il-posizionamento-di-una-protesi-mammaria\" class=\"vcex-toggle__content wpex-last-mb-0 wpex-my-10 wpex-clr\">La maggior parte dei seni verr\u00e0 &#8220;sollevata&#8221; almeno moderatamente con il posizionamento di una protesi mammaria, per effetto \u201czeppa\u201d. Il grado in cui ci\u00f2 accade \u00e8 abbastanza variabile e dipende principalmente dalle caratteristiche individuali e dall&#8217;elasticit\u00e0 della pelle di una donna e dalle dimensioni dell&#8217;impianto che viene posizionato.<\/div><\/div>[\/vc_column][vc_column width=&#8221;1\/2&#8243; css=&#8221;.vc_custom_1662110165041{margin-top: 35px !important;}&#8221;][vc_empty_space height=&#8221;40px&#8221; el_class=&#8221;mobile&#8221;][\/vc_column][\/vc_row][vc_row full_width=&#8221;stretch_row&#8221; css=&#8221;.vc_custom_1662379710268{margin-top: 70px !important;padding-top: 65px !important;padding-bottom: 140px !important;background-image: url(http:\/\/minihospital.it\/landing\/wp-content\/uploads\/2022\/09\/PRENOTA-UNA-VISITA-1-scaled.jpg?id=185) !important;background-position: center !important;background-repeat: no-repeat !important;background-size: cover !important;}&#8221;][vc_column width=&#8221;1\/2&#8243; el_class=&#8221;padding-right-80 center_mobile&#8221;][vc_empty_space height=&#8221;200px&#8221; el_class=&#8221;desktop&#8221;][vc_empty_space height=&#8221;40px&#8221; el_class=&#8221;mobile&#8221;][vc_column_text color=&#8221;#cf8a80&#8243; font_weight=&#8221;bold&#8221; font_size=&#8221;19px&#8221; line_height=&#8221;24px&#8221; css=&#8221;.vc_custom_1662736971202{margin-top: 20px !important;}&#8221;]In un intervento di mastoplastica c\u2019\u00e8 solo una misura che conta: quella che desideri.[\/vc_column_text][vc_empty_space height=&#8221;20px&#8221; el_class=&#8221;mobile&#8221;][vc_column_text color=&#8221;#ffffff&#8221; font_size=&#8221;d:40px|pl:30px|pp:30px&#8221; font_weight=&#8221;bold&#8221; line_height=&#8221;43px&#8221;]Prenota adesso<br \/>\nuna visita[\/vc_column_text][vc_empty_space height=&#8221;20px&#8221; el_class=&#8221;mobile&#8221;][vc_column_text color=&#8221;#ffffff&#8221; css=&#8221;.vc_custom_1662736988647{margin-top: 20px !important;}&#8221;]Siamo a tua disposizione per consigliarti al meglio e per chiarire ogni tua eventuale perplessit\u00e0 riguardante l\u2019intervento.[\/vc_column_text][\/vc_column][vc_column width=&#8221;1\/2&#8243; el_id=&#8221;contattaci&#8221;][vc_row_inner css=&#8221;.vc_custom_1669275625813{margin-top: 20px !important;border-top-width: 3px !important;border-right-width: 3px !important;border-bottom-width: 3px !important;border-left-width: 3px !important;border-left-color: #cf8a80 !important;border-left-style: dashed !important;border-right-color: #cf8a80 !important;border-right-style: dashed !important;border-top-color: #cf8a80 !important;border-top-style: dashed !important;border-bottom-color: #cf8a80 !important;border-bottom-style: dashed !important;}&#8221; el_class=&#8221;cta_last footer_form&#8221;][vc_column_inner el_class=&#8221;btn_2&#8243; css=&#8221;.vc_custom_1662110690972{padding-right: 0px !important;padding-left: 0px !important;}&#8221;]\n<div class=\"wpcf7 no-js\" id=\"wpcf7-f10-o2\" lang=\"it-IT\" dir=\"ltr\">\n<div class=\"screen-reader-response\"><p role=\"status\" aria-live=\"polite\" aria-atomic=\"true\"><\/p> <ul><\/ul><\/div>\n<form action=\"\/landing\/wp-json\/wp\/v2\/pages\/8#wpcf7-f10-o2\" method=\"post\" class=\"wpcf7-form init\" aria-label=\"Modulo di contatto\" novalidate=\"novalidate\" data-status=\"init\">\n<div style=\"display: none;\">\n<input type=\"hidden\" name=\"_wpcf7\" value=\"10\" \/>\n<input type=\"hidden\" name=\"_wpcf7_version\" value=\"5.9.2\" \/>\n<input type=\"hidden\" name=\"_wpcf7_locale\" value=\"it_IT\" \/>\n<input type=\"hidden\" name=\"_wpcf7_unit_tag\" value=\"wpcf7-f10-o2\" \/>\n<input type=\"hidden\" name=\"_wpcf7_container_post\" value=\"0\" \/>\n<input type=\"hidden\" name=\"_wpcf7_posted_data_hash\" value=\"\" \/>\n<\/div>\n<p><label><b>Nome<\/b><br \/>\n<span class=\"wpcf7-form-control-wrap\" data-name=\"nome\"><input size=\"40\" class=\"wpcf7-form-control wpcf7-text wpcf7-validates-as-required\" aria-required=\"true\" aria-invalid=\"false\" value=\"\" type=\"text\" name=\"nome\" \/><\/span> <\/label>\n<\/p>\n<p><label> <b>E-mail<\/b><br \/>\n<span class=\"wpcf7-form-control-wrap\" data-name=\"email\"><input size=\"40\" class=\"wpcf7-form-control wpcf7-email wpcf7-validates-as-required wpcf7-text wpcf7-validates-as-email\" aria-required=\"true\" aria-invalid=\"false\" value=\"\" type=\"email\" name=\"email\" \/><\/span> <\/label>\n<\/p>\n<p><label> <b>Telefono<\/b><br \/>\n<span class=\"wpcf7-form-control-wrap\" data-name=\"telefono\"><input size=\"40\" class=\"wpcf7-form-control wpcf7-text wpcf7-validates-as-required\" aria-required=\"true\" aria-invalid=\"false\" value=\"\" type=\"text\" name=\"telefono\" \/><\/span> <\/label>\n<\/p>\n<p><label> <b>Richiesta<\/b><br \/>\n<span class=\"wpcf7-form-control-wrap\" data-name=\"richiesta\"><input size=\"40\" class=\"wpcf7-form-control wpcf7-text\" aria-invalid=\"false\" value=\"\" type=\"text\" name=\"richiesta\" \/><\/span> <\/label>\n<\/p>\n<p><span class=\"wpcf7-form-control-wrap\" data-name=\"privacy\"><span class=\"wpcf7-form-control wpcf7-acceptance\"><span class=\"wpcf7-list-item\"><label><input type=\"checkbox\" name=\"privacy\" value=\"1\" aria-invalid=\"false\" \/><span class=\"wpcf7-list-item-label\"><span class=\"label_privacy\">Ho letto e acconsento alla <a href=\"https:\/\/www.minihospital.it\/privacy\/\"><u>normativa sulla privacy<\/u><\/a><\/span><\/span><\/label><\/span><\/span><\/span>\n<\/p>\n<div style=\"height:5px;\">\n<\/div>\n<center>\n\t<div class=\"bottone_form_1\">\n\t\t<p><input class=\"wpcf7-form-control wpcf7-submit has-spinner\" type=\"submit\" value=\"PRENOTA ORA\" \/>\n\t\t<\/p>\n\t<\/div>\n<\/center><div class=\"wpcf7-response-output\" aria-hidden=\"true\"><\/div>\n<\/form>\n<\/div>\n[\/vc_column_inner][\/vc_row_inner][\/vc_column][\/vc_row]\n<\/section>","protected":false},"excerpt":{"rendered":"<p>[vc_row full_width=&#8221;stretch_row_content_no_spaces&#8221;][vc_column][vc_single_image image=&#8221;335&#8243; css=&#8221;.vc_custom_1669280975873{margin-top: 0px !important;}&#8221; visibility=&#8221;visible-phone&#8221;][\/vc_column][\/vc_row][vc_row full_width=&#8221;stretch_row&#8221; css=&#8221;.vc_custom_1669280831399{padding-bottom: 140px !important;background-color: #fbeee9 !important;}&#8221; el_class=&#8221;pt_75&#8243;][vc_column width=&#8221;1\/2&#8243; el_class=&#8221;padding-right-80 center_mobile&#8221;][vc_single_image image=&#8221;335&#8243; css=&#8221;.vc_custom_1669280947868{margin-top: 10px !important;}&#8221; visibility=&#8221;hidden-phone&#8221;][vc_column_text css=&#8221;.vc_custom_1669280996603{margin-top: 40px !important;}&#8221;]Affidati all\u2019esperienza e alla professionalit\u00e0 di una struttura altamente qualificata, scegli di valorizzare la tua femminilit\u00e0 in tutta sicurezza e a un prezzo contenuto.[\/vc_column_text][vc_separator color=&#8221;custom&#8221; border_width=&#8221;2&#8243; accent_color=&#8221;#cf8a80&#8243; css=&#8221;.vc_custom_1662101913285{margin-top: 20px !important;margin-bottom: 10px&hellip;<\/p>\n","protected":false},"author":1,"featured_media":0,"parent":0,"menu_order":0,"comment_status":"closed","ping_status":"closed","template":"","meta":{"footnotes":""},"class_list":["post-8","page","type-page","status-publish","hentry","entry","has-media"],"yoast_head":"<!-- This site is optimized with the Yoast SEO plugin v22.2 - https:\/\/yoast.com\/wordpress\/plugins\/seo\/ -->\n<title>Home - MiniHospital &quot;S.Pertini&quot;<\/title>\n<meta name=\"robots\" content=\"index, follow, max-snippet:-1, max-image-preview:large, max-video-preview:-1\" \/>\n<link rel=\"canonical\" href=\"https:\/\/minihospital.it\/landing\/\" \/>\n<meta property=\"og:locale\" content=\"it_IT\" \/>\n<meta property=\"og:type\" content=\"article\" \/>\n<meta property=\"og:title\" content=\"Home - MiniHospital &quot;S.Pertini&quot;\" \/>\n<meta property=\"og:description\" content=\"[vc_row full_width=&#8221;stretch_row_content_no_spaces&#8221;][vc_column][vc_single_image image=&#8221;335&#8243; css=&#8221;.vc_custom_1669280975873{margin-top: 0px !important;}&#8221; visibility=&#8221;visible-phone&#8221;][\/vc_column][\/vc_row][vc_row full_width=&#8221;stretch_row&#8221; css=&#8221;.vc_custom_1669280831399{padding-bottom: 140px !important;background-color: #fbeee9 !important;}&#8221; el_class=&#8221;pt_75&#8243;][vc_column width=&#8221;1\/2&#8243; el_class=&#8221;padding-right-80 center_mobile&#8221;][vc_single_image image=&#8221;335&#8243; css=&#8221;.vc_custom_1669280947868{margin-top: 10px !important;}&#8221; visibility=&#8221;hidden-phone&#8221;][vc_column_text css=&#8221;.vc_custom_1669280996603{margin-top: 40px !important;}&#8221;]Affidati all\u2019esperienza e alla professionalit\u00e0 di una struttura altamente qualificata, scegli di valorizzare la tua femminilit\u00e0 in tutta sicurezza e a un prezzo contenuto.[\/vc_column_text][vc_separator color=&#8221;custom&#8221; border_width=&#8221;2&#8243; accent_color=&#8221;#cf8a80&#8243; css=&#8221;.vc_custom_1662101913285{margin-top: 20px !important;margin-bottom: 10px&hellip;\" \/>\n<meta property=\"og:url\" content=\"https:\/\/minihospital.it\/landing\/\" \/>\n<meta property=\"og:site_name\" content=\"MiniHospital &quot;S.Pertini&quot;\" \/>\n<meta property=\"article:modified_time\" content=\"2022-11-24T11:24:58+00:00\" \/>\n<meta name=\"twitter:card\" content=\"summary_large_image\" \/>\n<meta name=\"twitter:label1\" content=\"Tempo di lettura stimato\" \/>\n\t<meta name=\"twitter:data1\" content=\"7 minuti\" \/>\n<script type=\"application\/ld+json\" class=\"yoast-schema-graph\">{\"@context\":\"https:\/\/schema.org\",\"@graph\":[{\"@type\":\"WebPage\",\"@id\":\"https:\/\/minihospital.it\/landing\/\",\"url\":\"https:\/\/minihospital.it\/landing\/\",\"name\":\"Home - MiniHospital &quot;S.Pertini&quot;\",\"isPartOf\":{\"@id\":\"https:\/\/minihospital.it\/landing\/#website\"},\"datePublished\":\"2021-08-24T12:55:13+00:00\",\"dateModified\":\"2022-11-24T11:24:58+00:00\",\"breadcrumb\":{\"@id\":\"https:\/\/minihospital.it\/landing\/#breadcrumb\"},\"inLanguage\":\"it-IT\",\"potentialAction\":[{\"@type\":\"ReadAction\",\"target\":[\"https:\/\/minihospital.it\/landing\/\"]}]},{\"@type\":\"BreadcrumbList\",\"@id\":\"https:\/\/minihospital.it\/landing\/#breadcrumb\",\"itemListElement\":[{\"@type\":\"ListItem\",\"position\":1,\"name\":\"Home\",\"item\":\"https:\/\/minihospital.it\/landing\/\"},{\"@type\":\"ListItem\",\"position\":2,\"name\":\"Home\"}]},{\"@type\":\"WebSite\",\"@id\":\"https:\/\/minihospital.it\/landing\/#website\",\"url\":\"https:\/\/minihospital.it\/landing\/\",\"name\":\"MiniHospital &quot;S.Pertini&quot;\",\"description\":\"\",\"publisher\":{\"@id\":\"https:\/\/minihospital.it\/landing\/#organization\"},\"potentialAction\":[{\"@type\":\"SearchAction\",\"target\":{\"@type\":\"EntryPoint\",\"urlTemplate\":\"https:\/\/minihospital.it\/landing\/?s={search_term_string}\"},\"query-input\":\"required name=search_term_string\"}],\"inLanguage\":\"it-IT\"},{\"@type\":\"Organization\",\"@id\":\"https:\/\/minihospital.it\/landing\/#organization\",\"name\":\"Mini Hospital\",\"url\":\"https:\/\/minihospital.it\/landing\/\",\"logo\":{\"@type\":\"ImageObject\",\"inLanguage\":\"it-IT\",\"@id\":\"https:\/\/minihospital.it\/landing\/#\/schema\/logo\/image\/\",\"url\":\"https:\/\/minihospital.it\/landing\/wp-content\/uploads\/2022\/09\/logo-minihospital.png\",\"contentUrl\":\"https:\/\/minihospital.it\/landing\/wp-content\/uploads\/2022\/09\/logo-minihospital.png\",\"width\":250,\"height\":49,\"caption\":\"Mini Hospital\"},\"image\":{\"@id\":\"https:\/\/minihospital.it\/landing\/#\/schema\/logo\/image\/\"}}]}<\/script>\n<!-- \/ Yoast SEO plugin. -->","yoast_head_json":{"title":"Home - MiniHospital &quot;S.Pertini&quot;","robots":{"index":"index","follow":"follow","max-snippet":"max-snippet:-1","max-image-preview":"max-image-preview:large","max-video-preview":"max-video-preview:-1"},"canonical":"https:\/\/minihospital.it\/landing\/","og_locale":"it_IT","og_type":"article","og_title":"Home - MiniHospital &quot;S.Pertini&quot;","og_description":"[vc_row full_width=&#8221;stretch_row_content_no_spaces&#8221;][vc_column][vc_single_image image=&#8221;335&#8243; css=&#8221;.vc_custom_1669280975873{margin-top: 0px !important;}&#8221; visibility=&#8221;visible-phone&#8221;][\/vc_column][\/vc_row][vc_row full_width=&#8221;stretch_row&#8221; css=&#8221;.vc_custom_1669280831399{padding-bottom: 140px !important;background-color: #fbeee9 !important;}&#8221; el_class=&#8221;pt_75&#8243;][vc_column width=&#8221;1\/2&#8243; el_class=&#8221;padding-right-80 center_mobile&#8221;][vc_single_image image=&#8221;335&#8243; css=&#8221;.vc_custom_1669280947868{margin-top: 10px !important;}&#8221; visibility=&#8221;hidden-phone&#8221;][vc_column_text css=&#8221;.vc_custom_1669280996603{margin-top: 40px !important;}&#8221;]Affidati all\u2019esperienza e alla professionalit\u00e0 di una struttura altamente qualificata, scegli di valorizzare la tua femminilit\u00e0 in tutta sicurezza e a un prezzo contenuto.[\/vc_column_text][vc_separator color=&#8221;custom&#8221; border_width=&#8221;2&#8243; accent_color=&#8221;#cf8a80&#8243; css=&#8221;.vc_custom_1662101913285{margin-top: 20px !important;margin-bottom: 10px&hellip;","og_url":"https:\/\/minihospital.it\/landing\/","og_site_name":"MiniHospital &quot;S.Pertini&quot;","article_modified_time":"2022-11-24T11:24:58+00:00","twitter_card":"summary_large_image","twitter_misc":{"Tempo di lettura stimato":"7 minuti"},"schema":{"@context":"https:\/\/schema.org","@graph":[{"@type":"WebPage","@id":"https:\/\/minihospital.it\/landing\/","url":"https:\/\/minihospital.it\/landing\/","name":"Home - MiniHospital &quot;S.Pertini&quot;","isPartOf":{"@id":"https:\/\/minihospital.it\/landing\/#website"},"datePublished":"2021-08-24T12:55:13+00:00","dateModified":"2022-11-24T11:24:58+00:00","breadcrumb":{"@id":"https:\/\/minihospital.it\/landing\/#breadcrumb"},"inLanguage":"it-IT","potentialAction":[{"@type":"ReadAction","target":["https:\/\/minihospital.it\/landing\/"]}]},{"@type":"BreadcrumbList","@id":"https:\/\/minihospital.it\/landing\/#breadcrumb","itemListElement":[{"@type":"ListItem","position":1,"name":"Home","item":"https:\/\/minihospital.it\/landing\/"},{"@type":"ListItem","position":2,"name":"Home"}]},{"@type":"WebSite","@id":"https:\/\/minihospital.it\/landing\/#website","url":"https:\/\/minihospital.it\/landing\/","name":"MiniHospital &quot;S.Pertini&quot;","description":"","publisher":{"@id":"https:\/\/minihospital.it\/landing\/#organization"},"potentialAction":[{"@type":"SearchAction","target":{"@type":"EntryPoint","urlTemplate":"https:\/\/minihospital.it\/landing\/?s={search_term_string}"},"query-input":"required name=search_term_string"}],"inLanguage":"it-IT"},{"@type":"Organization","@id":"https:\/\/minihospital.it\/landing\/#organization","name":"Mini Hospital","url":"https:\/\/minihospital.it\/landing\/","logo":{"@type":"ImageObject","inLanguage":"it-IT","@id":"https:\/\/minihospital.it\/landing\/#\/schema\/logo\/image\/","url":"https:\/\/minihospital.it\/landing\/wp-content\/uploads\/2022\/09\/logo-minihospital.png","contentUrl":"https:\/\/minihospital.it\/landing\/wp-content\/uploads\/2022\/09\/logo-minihospital.png","width":250,"height":49,"caption":"Mini Hospital"},"image":{"@id":"https:\/\/minihospital.it\/landing\/#\/schema\/logo\/image\/"}}]}},"_links":{"self":[{"href":"https:\/\/minihospital.it\/landing\/wp-json\/wp\/v2\/pages\/8","targetHints":{"allow":["GET"]}}],"collection":[{"href":"https:\/\/minihospital.it\/landing\/wp-json\/wp\/v2\/pages"}],"about":[{"href":"https:\/\/minihospital.it\/landing\/wp-json\/wp\/v2\/types\/page"}],"author":[{"embeddable":true,"href":"https:\/\/minihospital.it\/landing\/wp-json\/wp\/v2\/users\/1"}],"replies":[{"embeddable":true,"href":"https:\/\/minihospital.it\/landing\/wp-json\/wp\/v2\/comments?post=8"}],"version-history":[{"count":141,"href":"https:\/\/minihospital.it\/landing\/wp-json\/wp\/v2\/pages\/8\/revisions"}],"predecessor-version":[{"id":417,"href":"https:\/\/minihospital.it\/landing\/wp-json\/wp\/v2\/pages\/8\/revisions\/417"}],"wp:attachment":[{"href":"https:\/\/minihospital.it\/landing\/wp-json\/wp\/v2\/media?parent=8"}],"curies":[{"name":"wp","href":"https:\/\/api.w.org\/{rel}","templated":true}]}}